{"id":761,"date":"2024-10-17T08:15:16","date_gmt":"2024-10-17T08:15:16","guid":{"rendered":"https:\/\/wesem-erasmus.eu\/politica-de-privacidad"},"modified":"2025-12-01T10:33:42","modified_gmt":"2025-12-01T10:33:42","slug":"politica-de-privacidad","status":"publish","type":"page","link":"https:\/\/wesem-erasmus.eu\/es\/politica-de-privacidad","title":{"rendered":"Pol\u00edtica de privacidad"},"content":{"rendered":"\t\t<div data-elementor-type=\"wp-page\" data-elementor-id=\"761\" class=\"elementor elementor-761 elementor-197\" data-elementor-post-type=\"page\">\n\t\t\t\t<div data-dce-background-image-url=\"https:\/\/wesem-erasmus.eu\/wp-content\/uploads\/2024\/06\/WESEM-bg-1.png\" class=\"elementor-element elementor-element-9c1e984 e-flex e-con-boxed e-con e-parent\" data-id=\"9c1e984\" data-element_type=\"container\" data-e-type=\"container\" data-settings=\"{&quot;background_background&quot;:&quot;classic&quot;,&quot;shape_divider_bottom&quot;:&quot;mountains&quot;}\">\n\t\t\t\t\t<div class=\"e-con-inner\">\n\t\t\t\t<div class=\"elementor-shape elementor-shape-bottom\" aria-hidden=\"true\" data-negative=\"false\">\n\t\t\t<svg xmlns=\"http:\/\/www.w3.org\/2000\/svg\" viewBox=\"0 0 1000 100\" preserveAspectRatio=\"none\">\n\t<path class=\"elementor-shape-fill\" opacity=\"0.33\" d=\"M473,67.3c-203.9,88.3-263.1-34-320.3,0C66,119.1,0,59.7,0,59.7V0h1000v59.7 c0,0-62.1,26.1-94.9,29.3c-32.8,3.3-62.8-12.3-75.8-22.1C806,49.6,745.3,8.7,694.9,4.7S492.4,59,473,67.3z\"\/>\n\t<path class=\"elementor-shape-fill\" opacity=\"0.66\" d=\"M734,67.3c-45.5,0-77.2-23.2-129.1-39.1c-28.6-8.7-150.3-10.1-254,39.1 s-91.7-34.4-149.2,0C115.7,118.3,0,39.8,0,39.8V0h1000v36.5c0,0-28.2-18.5-92.1-18.5C810.2,18.1,775.7,67.3,734,67.3z\"\/>\n\t<path class=\"elementor-shape-fill\" d=\"M766.1,28.9c-200-57.5-266,65.5-395.1,19.5C242,1.8,242,5.4,184.8,20.6C128,35.8,132.3,44.9,89.9,52.5C28.6,63.7,0,0,0,0 h1000c0,0-9.9,40.9-83.6,48.1S829.6,47,766.1,28.9z\"\/>\n<\/svg>\t\t<\/div>\n\t\t\t\t<div data-dce-title-color=\"#FFFFFF\" class=\"elementor-element elementor-element-aadb8e4 elementor-widget elementor-widget-heading\" data-id=\"aadb8e4\" data-element_type=\"widget\" data-e-type=\"widget\" data-widget_type=\"heading.default\">\n\t\t\t\t<div class=\"elementor-widget-container\">\n\t\t\t\t\t<h1 class=\"elementor-heading-title elementor-size-default\">Pol\u00edtica de privacidad<\/h1>\t\t\t\t<\/div>\n\t\t\t\t<\/div>\n\t\t\t\t\t<\/div>\n\t\t\t\t<\/div>\n\t\t<div class=\"elementor-element elementor-element-5915661 e-flex e-con-boxed e-con e-parent\" data-id=\"5915661\" data-element_type=\"container\" data-e-type=\"container\" id=\"about\">\n\t\t\t\t\t<div class=\"e-con-inner\">\n\t\t\t\t<div class=\"elementor-element elementor-element-f7576d9 elementor-widget__width-initial elementor-widget elementor-widget-text-editor\" data-id=\"f7576d9\" data-element_type=\"widget\" data-e-type=\"widget\" data-widget_type=\"text-editor.default\">\n\t\t\t\t<div class=\"elementor-widget-container\">\n\t\t\t\t\t\t\t\t\t<p><span data-sheets-root=\"1\">En WESEM nos tomamos muy en serio la protecci\u00f3n de sus datos personales. Nuestro prop\u00f3sito es proteger la privacidad de los datos que nos proporciona y cumplir con la normativa vigente en materia de protecci\u00f3n de datos personales. <\/span><\/p><p><span data-sheets-root=\"1\">En cumplimiento de la Ley 3\/2018, de 5 de diciembre, de Protecci\u00f3n de Datos Personales y Garant\u00eda de los Derechos Digitales que transpone el Reglamento (UE) 2016\/679, le informamos de la siguiente informaci\u00f3n sobre nuestra pol\u00edtica de privacidad y protecci\u00f3n de datos:<\/span><\/p>\t\t\t\t\t\t\t\t<\/div>\n\t\t\t\t<\/div>\n\t\t\t\t<div data-dce-title-color=\"#FFFFFF\" class=\"elementor-element elementor-element-b8066fa elementor-widget__width-initial elementor-widget elementor-widget-heading\" data-id=\"b8066fa\" data-element_type=\"widget\" data-e-type=\"widget\" data-widget_type=\"heading.default\">\n\t\t\t\t<div class=\"elementor-widget-container\">\n\t\t\t\t\t<h2 class=\"elementor-heading-title elementor-size-default\">\u00bfQui\u00e9n es el responsable del tratamiento de sus datos?<\/h2>\t\t\t\t<\/div>\n\t\t\t\t<\/div>\n\t\t\t\t<div class=\"elementor-element elementor-element-b7a61b2 elementor-widget__width-initial elementor-widget elementor-widget-text-editor\" data-id=\"b7a61b2\" data-element_type=\"widget\" data-e-type=\"widget\" data-widget_type=\"text-editor.default\">\n\t\t\t\t<div class=\"elementor-widget-container\">\n\t\t\t\t\t\t\t\t\t<p>La organizaci\u00f3n responsable de sus datos es <strong>Loodushoiuf Fond<\/strong>. Se trata de una <strong>fundaci\u00f3n <\/strong>con sede en <strong>Tallin, Estonia.<\/strong> <\/p>\t\t\t\t\t\t\t\t<\/div>\n\t\t\t\t<\/div>\n\t\t<div class=\"elementor-element elementor-element-8ca676f e-con-full e-flex e-con e-child\" data-id=\"8ca676f\" data-element_type=\"container\" data-e-type=\"container\">\n\t\t<div class=\"elementor-element elementor-element-c4b6b75 e-con-full e-flex e-con e-child\" data-id=\"c4b6b75\" data-element_type=\"container\" data-e-type=\"container\" data-settings=\"{&quot;background_background&quot;:&quot;classic&quot;}\">\n\t\t\t\t<div class=\"elementor-element elementor-element-ab3e8fc elementor-widget__width-initial elementor-widget elementor-widget-heading\" data-id=\"ab3e8fc\" data-element_type=\"widget\" data-e-type=\"widget\" data-widget_type=\"heading.default\">\n\t\t\t\t<div class=\"elementor-widget-container\">\n\t\t\t\t\t<div class=\"elementor-heading-title elementor-size-default\">Direcci\u00f3n<\/div>\t\t\t\t<\/div>\n\t\t\t\t<\/div>\n\t\t\t\t<div class=\"elementor-element elementor-element-7ddf4c2 elementor-widget__width-initial elementor-widget elementor-widget-heading\" data-id=\"7ddf4c2\" data-element_type=\"widget\" data-e-type=\"widget\" data-widget_type=\"heading.default\">\n\t\t\t\t<div class=\"elementor-widget-container\">\n\t\t\t\t\t<div class=\"elementor-heading-title elementor-size-default\">Direcci\u00f3n<\/div>\t\t\t\t<\/div>\n\t\t\t\t<\/div>\n\t\t\t\t<\/div>\n\t\t<div class=\"elementor-element elementor-element-7d838b5 e-con-full e-flex e-con e-child\" data-id=\"7d838b5\" data-element_type=\"container\" data-e-type=\"container\">\n\t\t\t\t<div class=\"elementor-element elementor-element-3965867 elementor-widget__width-initial elementor-widget elementor-widget-heading\" data-id=\"3965867\" data-element_type=\"widget\" data-e-type=\"widget\" data-widget_type=\"heading.default\">\n\t\t\t\t<div class=\"elementor-widget-container\">\n\t\t\t\t\t<div class=\"elementor-heading-title elementor-size-default\">Correo electr\u00f3nico<\/div>\t\t\t\t<\/div>\n\t\t\t\t<\/div>\n\t\t\t\t<div class=\"elementor-element elementor-element-c57b6b0 elementor-widget__width-initial elementor-widget elementor-widget-heading\" data-id=\"c57b6b0\" data-element_type=\"widget\" data-e-type=\"widget\" data-widget_type=\"heading.default\">\n\t\t\t\t<div class=\"elementor-widget-container\">\n\t\t\t\t\t<div class=\"elementor-heading-title elementor-size-default\">example@company.eu<\/div>\t\t\t\t<\/div>\n\t\t\t\t<\/div>\n\t\t\t\t<\/div>\n\t\t<div class=\"elementor-element elementor-element-b580a89 e-con-full e-flex e-con e-child\" data-id=\"b580a89\" data-element_type=\"container\" data-e-type=\"container\" data-settings=\"{&quot;background_background&quot;:&quot;classic&quot;}\">\n\t\t\t\t<div class=\"elementor-element elementor-element-c9b3e17 elementor-widget__width-initial elementor-widget elementor-widget-heading\" data-id=\"c9b3e17\" data-element_type=\"widget\" data-e-type=\"widget\" data-widget_type=\"heading.default\">\n\t\t\t\t<div class=\"elementor-widget-container\">\n\t\t\t\t\t<div class=\"elementor-heading-title elementor-size-default\">Tel\u00e9fono<\/div>\t\t\t\t<\/div>\n\t\t\t\t<\/div>\n\t\t\t\t<div class=\"elementor-element elementor-element-7678181 elementor-widget__width-initial elementor-widget elementor-widget-heading\" data-id=\"7678181\" data-element_type=\"widget\" data-e-type=\"widget\" data-widget_type=\"heading.default\">\n\t\t\t\t<div class=\"elementor-widget-container\">\n\t\t\t\t\t<div class=\"elementor-heading-title elementor-size-default\">+99 (0)385 59356794<\/div>\t\t\t\t<\/div>\n\t\t\t\t<\/div>\n\t\t\t\t<\/div>\n\t\t\t\t<\/div>\n\t\t\t\t\t<\/div>\n\t\t\t\t<\/div>\n\t\t<div class=\"elementor-element elementor-element-680d9bb e-flex e-con-boxed e-con e-parent\" data-id=\"680d9bb\" data-element_type=\"container\" data-e-type=\"container\" id=\"news\" data-settings=\"{&quot;background_background&quot;:&quot;classic&quot;}\">\n\t\t\t\t\t<div class=\"e-con-inner\">\n\t\t\t\t<div data-dce-title-color=\"#FFFFFF\" class=\"elementor-element elementor-element-c10d9f4 elementor-widget__width-initial elementor-widget elementor-widget-heading\" data-id=\"c10d9f4\" data-element_type=\"widget\" data-e-type=\"widget\" data-widget_type=\"heading.default\">\n\t\t\t\t<div class=\"elementor-widget-container\">\n\t\t\t\t\t<h2 class=\"elementor-heading-title elementor-size-default\">\u00bfCu\u00e1l es la finalidad del tratamiento?<\/h2>\t\t\t\t<\/div>\n\t\t\t\t<\/div>\n\t\t\t\t<div class=\"elementor-element elementor-element-fa755a3 elementor-widget__width-initial elementor-widget elementor-widget-text-editor\" data-id=\"fa755a3\" data-element_type=\"widget\" data-e-type=\"widget\" data-widget_type=\"text-editor.default\">\n\t\t\t\t<div class=\"elementor-widget-container\">\n\t\t\t\t\t\t\t\t\t<ul><li><span data-sheets-root=\"1\">Responder a las peticiones, quejas e incidencias trasladadas a trav\u00e9s de nuestros canales de contacto incorporados en la web.<\/span><\/li><li><span data-sheets-root=\"1\">Conocer el comportamiento del navegante dentro de la web para detectar posibles ataques inform\u00e1ticos a nuestra web.<\/span><\/li><li><span data-sheets-root=\"1\">Cumplir con las obligaciones legales que nos son directamente aplicables y que regulan nuestra actividad.<\/span><\/li><li><span data-sheets-root=\"1\">Proteger y ejercer nuestros derechos o responder a reclamaciones de cualquier tipo.<\/span><\/li><li><span data-sheets-root=\"1\">Env\u00edo de boletines informativos sobre los bienes o servicios que conforman la actividad del responsable o noticias relacionadas con su actividad.<\/span><\/li><\/ul>\t\t\t\t\t\t\t\t<\/div>\n\t\t\t\t<\/div>\n\t\t\t\t<div data-dce-title-color=\"#FFFFFF\" class=\"elementor-element elementor-element-fdcb9ac elementor-widget__width-initial elementor-widget elementor-widget-heading\" data-id=\"fdcb9ac\" data-element_type=\"widget\" data-e-type=\"widget\" data-widget_type=\"heading.default\">\n\t\t\t\t<div class=\"elementor-widget-container\">\n\t\t\t\t\t<h2 class=\"elementor-heading-title elementor-size-default\">\u00bfCu\u00e1l es la base legal para el tratamiento de sus datos?<\/h2>\t\t\t\t<\/div>\n\t\t\t\t<\/div>\n\t\t\t\t<div class=\"elementor-element elementor-element-bb2079e elementor-widget__width-initial elementor-widget elementor-widget-text-editor\" data-id=\"bb2079e\" data-element_type=\"widget\" data-e-type=\"widget\" data-widget_type=\"text-editor.default\">\n\t\t\t\t<div class=\"elementor-widget-container\">\n\t\t\t\t\t\t\t\t\t<p><span data-sheets-root=\"1\">La base legal para el tratamiento de sus datos es el consentimiento del interesado seg\u00fan el art\u00edculo 6.1 a) del Reglamento, as\u00ed como el inter\u00e9s leg\u00edtimo del responsable del tratamiento seg\u00fan el art\u00edculo 6.1 f) del Reglamento.<\/span><\/p><p><span data-sheets-root=\"1\">Los datos que le solicitamos son los adecuados, pertinentes y estrictamente necesarios y en ning\u00fan caso est\u00e1 obligado a facilit\u00e1rnoslos, pero su no comunicaci\u00f3n puede afectar a la finalidad del servicio o a la imposibilidad de prestarlo.<\/span><\/p>\t\t\t\t\t\t\t\t<\/div>\n\t\t\t\t<\/div>\n\t\t\t\t\t<\/div>\n\t\t\t\t<\/div>\n\t\t<div class=\"elementor-element elementor-element-029dbd0 e-flex e-con-boxed e-con e-parent\" data-id=\"029dbd0\" data-element_type=\"container\" data-e-type=\"container\">\n\t\t\t\t\t<div class=\"e-con-inner\">\n\t\t\t\t<div data-dce-title-color=\"#FFFFFF\" class=\"elementor-element elementor-element-fe6d638 elementor-widget__width-initial elementor-widget elementor-widget-heading\" data-id=\"fe6d638\" data-element_type=\"widget\" data-e-type=\"widget\" data-widget_type=\"heading.default\">\n\t\t\t\t<div class=\"elementor-widget-container\">\n\t\t\t\t\t<h2 class=\"elementor-heading-title elementor-size-default\">\u00bfDurante cu\u00e1nto tiempo conservamos sus datos?<\/h2>\t\t\t\t<\/div>\n\t\t\t\t<\/div>\n\t\t\t\t<div class=\"elementor-element elementor-element-177f766 elementor-widget__width-initial elementor-widget elementor-widget-text-editor\" data-id=\"177f766\" data-element_type=\"widget\" data-e-type=\"widget\" data-widget_type=\"text-editor.default\">\n\t\t\t\t<div class=\"elementor-widget-container\">\n\t\t\t\t\t\t\t\t\t<p><span data-sheets-root=\"1\">Sus datos ser\u00e1n conservados durante el tiempo necesario para la correcta prestaci\u00f3n del servicio ofrecido, as\u00ed como para atender las responsabilidades que puedan derivarse del mismo y cualquier otro requerimiento legal.<\/span><\/p>\t\t\t\t\t\t\t\t<\/div>\n\t\t\t\t<\/div>\n\t\t\t\t<div data-dce-title-color=\"#FFFFFF\" class=\"elementor-element elementor-element-ff4ccc2 elementor-widget__width-initial elementor-widget elementor-widget-heading\" data-id=\"ff4ccc2\" data-element_type=\"widget\" data-e-type=\"widget\" data-widget_type=\"heading.default\">\n\t\t\t\t<div class=\"elementor-widget-container\">\n\t\t\t\t\t<h2 class=\"elementor-heading-title elementor-size-default\">\u00bfQu\u00e9 destinatarios recibir\u00e1n sus datos?<\/h2>\t\t\t\t<\/div>\n\t\t\t\t<\/div>\n\t\t\t\t<div class=\"elementor-element elementor-element-52c1d37 elementor-widget__width-inherit elementor-widget elementor-widget-text-editor\" data-id=\"52c1d37\" data-element_type=\"widget\" data-e-type=\"widget\" data-widget_type=\"text-editor.default\">\n\t\t\t\t<div class=\"elementor-widget-container\">\n\t\t\t\t\t\t\t\t\t<p>Durante el tratamiento de sus datos, <strong>Loodushoiuf Fond<\/strong> puede compartir sus datos con:<\/p><p>On Projects Advising SL, como proveedores de servicios de gesti\u00f3n y mantenimiento de la web.<\/p>\t\t\t\t\t\t\t\t<\/div>\n\t\t\t\t<\/div>\n\t\t\t\t\t<\/div>\n\t\t\t\t<\/div>\n\t\t<div class=\"elementor-element elementor-element-a34ff91 e-flex e-con-boxed e-con e-parent\" data-id=\"a34ff91\" data-element_type=\"container\" data-e-type=\"container\" id=\"consortium\" data-settings=\"{&quot;background_background&quot;:&quot;classic&quot;}\">\n\t\t\t\t\t<div class=\"e-con-inner\">\n\t\t\t\t<div data-dce-title-color=\"#FFFFFF\" class=\"elementor-element elementor-element-18d2616 elementor-widget__width-initial elementor-widget elementor-widget-heading\" data-id=\"18d2616\" data-element_type=\"widget\" data-e-type=\"widget\" data-widget_type=\"heading.default\">\n\t\t\t\t<div class=\"elementor-widget-container\">\n\t\t\t\t\t<h2 class=\"elementor-heading-title elementor-size-default\">\u00bfCu\u00e1les son mis derechos?<\/h2>\t\t\t\t<\/div>\n\t\t\t\t<\/div>\n\t\t\t\t<div class=\"elementor-element elementor-element-3e1faae elementor-widget__width-initial elementor-widget elementor-widget-text-editor\" data-id=\"3e1faae\" data-element_type=\"widget\" data-e-type=\"widget\" data-widget_type=\"text-editor.default\">\n\t\t\t\t<div class=\"elementor-widget-container\">\n\t\t\t\t\t\t\t\t\t<ul><li><span data-sheets-root=\"1\">Derecho de acceso: derecho a obtener confirmaci\u00f3n de si se est\u00e1n tratando datos personales, as\u00ed como el derecho de acceso a dichos datos.<\/span><\/li><li><span data-sheets-root=\"1\">Derecho de rectificaci\u00f3n de los datos personales.<\/span><\/li><li><span data-sheets-root=\"1\">Derecho de supresi\u00f3n<\/span><\/li><li><span data-sheets-root=\"1\">Derecho a la limitaci\u00f3n del tratamiento<\/span><\/li><li><span data-sheets-root=\"1\">Derecho a la portabilidad de los datos<\/span><\/li><li><span data-sheets-root=\"1\">Derecho de oposici\u00f3n: derecho a oponerse al tratamiento de los datos.<\/span><\/li><\/ul>\t\t\t\t\t\t\t\t<\/div>\n\t\t\t\t<\/div>\n\t\t\t\t<div class=\"elementor-element elementor-element-08bb425 elementor-widget__width-initial elementor-widget elementor-widget-text-editor\" data-id=\"08bb425\" data-element_type=\"widget\" data-e-type=\"widget\" data-widget_type=\"text-editor.default\">\n\t\t\t\t<div class=\"elementor-widget-container\">\n\t\t\t\t\t\t\t\t\t<p><span data-sheets-root=\"1\">El responsable del tratamiento se conserva el derecho a restringir los derechos establecidos en el art\u00edculo 23 del Reglamento de la UE, si dicha restricci\u00f3n se establece para salvaguardar, en particular, los derechos y libertades fundamentales y es una medida necesaria y proporcionada.<\/span><\/p>\t\t\t\t\t\t\t\t<\/div>\n\t\t\t\t<\/div>\n\t\t\t\t<div data-dce-title-color=\"#FFFFFF\" class=\"elementor-element elementor-element-32be33a elementor-widget elementor-widget-heading\" data-id=\"32be33a\" data-element_type=\"widget\" data-e-type=\"widget\" data-widget_type=\"heading.default\">\n\t\t\t\t<div class=\"elementor-widget-container\">\n\t\t\t\t\t<h2 class=\"elementor-heading-title elementor-size-default\">\u00bfD\u00f3nde puedo reclamar?<\/h2>\t\t\t\t<\/div>\n\t\t\t\t<\/div>\n\t\t\t\t<div class=\"elementor-element elementor-element-f04c7f2 elementor-widget__width-initial elementor-widget elementor-widget-text-editor\" data-id=\"f04c7f2\" data-element_type=\"widget\" data-e-type=\"widget\" data-widget_type=\"text-editor.default\">\n\t\t\t\t<div class=\"elementor-widget-container\">\n\t\t\t\t\t\t\t\t\t<p><span data-sheets-root=\"1\">Si alg\u00fan interesado considera que sus datos no est\u00e1n siendo tratados correctamente, puede enviar sus quejas a la siguiente direcci\u00f3n de correo electr\u00f3nico;<\/span><\/p><p><span data-sheets-root=\"1\">El interesado declara haber adquirido toda esta informaci\u00f3n.<\/span><\/p>\t\t\t\t\t\t\t\t<\/div>\n\t\t\t\t<\/div>\n\t\t\t\t\t<\/div>\n\t\t\t\t<\/div>\n\t\t\t\t<\/div>\n\t\t","protected":false},"excerpt":{"rendered":"<p>Pol\u00edtica de privacidad En WESEM nos tomamos muy en serio la protecci\u00f3n de sus datos personales. Nuestro prop\u00f3sito es proteger la privacidad de los datos que nos proporciona y cumplir con la normativa vigente en materia de protecci\u00f3n de datos personales. En cumplimiento de la Ley 3\/2018, de 5 de diciembre, de Protecci\u00f3n de Datos [&hellip;]<\/p>\n","protected":false},"author":1,"featured_media":0,"parent":0,"menu_order":0,"comment_status":"closed","ping_status":"closed","template":"elementor_header_footer","meta":{"_acf_changed":false,"_uf_show_specific_survey":0,"_uf_disable_surveys":false,"footnotes":""},"class_list":["post-761","page","type-page","status-publish","hentry"],"acf":[],"aioseo_notices":[],"_links":{"self":[{"href":"https:\/\/wesem-erasmus.eu\/es\/wp-json\/wp\/v2\/pages\/761","targetHints":{"allow":["GET"]}}],"collection":[{"href":"https:\/\/wesem-erasmus.eu\/es\/wp-json\/wp\/v2\/pages"}],"about":[{"href":"https:\/\/wesem-erasmus.eu\/es\/wp-json\/wp\/v2\/types\/page"}],"author":[{"embeddable":true,"href":"https:\/\/wesem-erasmus.eu\/es\/wp-json\/wp\/v2\/users\/1"}],"replies":[{"embeddable":true,"href":"https:\/\/wesem-erasmus.eu\/es\/wp-json\/wp\/v2\/comments?post=761"}],"version-history":[{"count":2,"href":"https:\/\/wesem-erasmus.eu\/es\/wp-json\/wp\/v2\/pages\/761\/revisions"}],"predecessor-version":[{"id":919,"href":"https:\/\/wesem-erasmus.eu\/es\/wp-json\/wp\/v2\/pages\/761\/revisions\/919"}],"wp:attachment":[{"href":"https:\/\/wesem-erasmus.eu\/es\/wp-json\/wp\/v2\/media?parent=761"}],"curies":[{"name":"wp","href":"https:\/\/api.w.org\/{rel}","templated":true}]}}